{"id":4838,"date":"2023-10-20T19:34:51","date_gmt":"2023-10-20T19:34:51","guid":{"rendered":"https:\/\/www.ankaanaokulu.com\/?page_id=4838"},"modified":"2023-10-25T19:13:31","modified_gmt":"2023-10-25T19:13:31","slug":"degerler-ve-hedeflerimiz","status":"publish","type":"page","link":"https:\/\/www.ankaanaokulu.com\/index.php\/degerler-ve-hedeflerimiz\/","title":{"rendered":"De\u011ferler ve Hedeflerimiz"},"content":{"rendered":"<section class=\"wpb-content-wrapper\"><p>[vc_row][vc_column width=&#8221;1\/2&#8243;][vc_custom_heading text=&#8221;&#8220;De\u011ferler ve Hedeflerimiz&#8221;][vc_column_text]<strong>De\u011ferler (Anaokulu&#8217;nun Temel De\u011ferleri):<\/strong><\/p>\n<ol>\n<li><strong>\u00c7ocuk Merkezlilik:<\/strong> Her \u00e7ocu\u011fun benzersiz ihtiya\u00e7lar\u0131na ve ilgi alanlar\u0131na sayg\u0131 g\u00f6steriyoruz. E\u011fitim programlar\u0131m\u0131z, \u00e7ocuklar\u0131n bireysel \u00f6zelliklerini desteklemek ve onlar\u0131n kendilerini ifade etmelerine olanak tan\u0131mak \u00fczerine odaklanm\u0131\u015ft\u0131r.<\/li>\n<li><strong>Aile \u0130\u015fbirli\u011fi:<\/strong> Aileler, \u00e7ocuklar\u0131m\u0131z\u0131n e\u011fitim s\u00fcrecinde \u00f6nemli bir rol oynarlar. \u0130\u015fbirli\u011fi ve ileti\u015fim, ailelerle yak\u0131n bir ili\u015fki kurmay\u0131 ve birlikte \u00e7al\u0131\u015fmay\u0131 te\u015fvik ederiz.<\/li>\n<li><strong>E\u011fitimde Kalite:<\/strong> E\u011fitimcilerimiz uzmanl\u0131kla se\u00e7ilir ve s\u00fcrekli e\u011fitim al\u0131rlar. Programlar\u0131m\u0131z, en son e\u011fitim yakla\u015f\u0131mlar\u0131n\u0131 ve en iyi uygulamalar\u0131 yans\u0131tmay\u0131 ama\u00e7lar.<\/li>\n<li><strong>\u00c7ocuklar\u0131n G\u00fcvenli\u011fi ve Sa\u011fl\u0131\u011f\u0131:<\/strong> \u00c7ocuklar\u0131n g\u00fcvenli\u011fi ve sa\u011fl\u0131\u011f\u0131 bizim i\u00e7in bir \u00f6nceliktir. Tesisimiz, g\u00fcvenli ve temiz bir \u00f6\u011frenme ortam\u0131 sunmak i\u00e7in s\u00fcrekli olarak denetlenir ve bak\u0131m yap\u0131l\u0131r.<\/li>\n<li><strong>Sosyal ve Duygusal Geli\u015fim:<\/strong> \u00c7ocuklar\u0131m\u0131z\u0131n sadece akademik becerilerini de\u011fil, ayn\u0131 zamanda sosyal ve duygusal becerilerini de geli\u015ftirmelerini te\u015fvik ediyoruz. Empati, payla\u015fma ve i\u015fbirli\u011fi gibi de\u011ferleri vurgular\u0131z.<\/li>\n<\/ol>\n<p>[\/vc_column_text][\/vc_column][vc_column width=&#8221;1\/2&#8243;][vc_single_image image=&#8221;4872&#8243; img_size=&#8221;full&#8221;][\/vc_column][\/vc_row][vc_row][vc_column][vc_custom_heading text=&#8221;\u00d6rnek \u00c7ocuklar Anaokulu, \u00e7ocuklar\u0131n\u0131z\u0131n e\u011fitim yolculu\u011funu renklendirmek i\u00e7in burada. Biz, sevgi, \u00f6\u011frenme ve ke\u015ffetme dolu bir d\u00fcnyan\u0131n kap\u0131lar\u0131n\u0131 sizin i\u00e7in a\u00e7\u0131yoruz. \u00c7ocuklar\u0131m\u0131z\u0131n gelece\u011fi i\u00e7in sa\u011flam temeller atmalar\u0131na yard\u0131mc\u0131 olmak, bizim en b\u00fcy\u00fck amac\u0131m\u0131zd\u0131r.&#8221; font_container=&#8221;tag:h5|text_align:left|color:%23dd8500&#8243;][\/vc_column][\/vc_row]<\/p>\n<\/section>","protected":false},"excerpt":{"rendered":"<p>[vc_row][vc_column width=&#8221;1\/2&#8243;][vc_custom_heading text=&#8221;&#8220;De\u011ferler ve Hedeflerimiz&#8221;][vc_column_text]De\u011ferler (Anaokulu&#8217;nun Temel De\u011ferleri): \u00c7ocuk Merkezlilik: Her \u00e7ocu\u011fun benzersiz ihtiya\u00e7lar\u0131na ve ilgi alanlar\u0131na sayg\u0131 g\u00f6steriyoruz. E\u011fitim programlar\u0131m\u0131z, \u00e7ocuklar\u0131n bireysel \u00f6zelliklerini desteklemek ve onlar\u0131n kendilerini ifade etmelerine olanak tan\u0131mak \u00fczerine odaklanm\u0131\u015ft\u0131r. Aile \u0130\u015fbirli\u011fi: Aileler, \u00e7ocuklar\u0131m\u0131z\u0131n e\u011fitim s\u00fcrecinde \u00f6nemli bir rol oynarlar. \u0130\u015fbirli\u011fi ve ileti\u015fim, ailelerle yak\u0131n bir ili\u015fki kurmay\u0131 ve birlikte \u00e7al\u0131\u015fmay\u0131 [&hellip;]<\/p>\n","protected":false},"author":1,"featured_media":0,"parent":0,"menu_order":0,"comment_status":"closed","ping_status":"closed","template":"","meta":{"footnotes":""},"class_list":["post-4838","page","type-page","status-publish","hentry"],"_links":{"self":[{"href":"https:\/\/www.ankaanaokulu.com\/index.php\/wp-json\/wp\/v2\/pages\/4838","targetHints":{"allow":["GET"]}}],"collection":[{"href":"https:\/\/www.ankaanaokulu.com\/index.php\/wp-json\/wp\/v2\/pages"}],"about":[{"href":"https:\/\/www.ankaanaokulu.com\/index.php\/wp-json\/wp\/v2\/types\/page"}],"author":[{"embeddable":true,"href":"https:\/\/www.ankaanaokulu.com\/index.php\/wp-json\/wp\/v2\/users\/1"}],"replies":[{"embeddable":true,"href":"https:\/\/www.ankaanaokulu.com\/index.php\/wp-json\/wp\/v2\/comments?post=4838"}],"version-history":[{"count":2,"href":"https:\/\/www.ankaanaokulu.com\/index.php\/wp-json\/wp\/v2\/pages\/4838\/revisions"}],"predecessor-version":[{"id":4873,"href":"https:\/\/www.ankaanaokulu.com\/index.php\/wp-json\/wp\/v2\/pages\/4838\/revisions\/4873"}],"wp:attachment":[{"href":"https:\/\/www.ankaanaokulu.com\/index.php\/wp-json\/wp\/v2\/media?parent=4838"}],"curies":[{"name":"wp","href":"https:\/\/api.w.org\/{rel}","templated":true}]}}